{"id":4208,"date":"2024-09-19T12:44:06","date_gmt":"2024-09-19T09:44:06","guid":{"rendered":"https:\/\/www.artexim.ro\/romania-la-summitul-francofoniei-2024\/"},"modified":"2024-09-25T11:47:41","modified_gmt":"2024-09-25T08:47:41","slug":"romania-la-summitul-francofoniei-2024","status":"publish","type":"page","link":"https:\/\/www.artexim.ro\/fr\/romania-la-summitul-francofoniei-2024\/","title":{"rendered":"Roumanie \u00e0 la Sommet de la Francophonie 2024"},"content":{"rendered":"<div class=\"_df_book df-lite\" id=\"df_4588\"  _slug=\"cartolina-francofonie\" data-title=\"cartolina-francofonie\" wpoptions=\"true\" thumb=\"https:\/\/www.artexim.ro\/wp-content\/uploads\/2024\/09\/WhatsApp-Image-2024-09-19-at-12.59.15_fad9cd86.jpg\" thumbtype=\"\" ><\/div><script class=\"df-shortcode-script\" nowprocket type=\"application\/javascript\">window.option_df_4588 = {\"outline\":[],\"autoEnableOutline\":\"false\",\"autoEnableThumbnail\":\"false\",\"overwritePDFOutline\":\"false\",\"direction\":\"1\",\"pageSize\":\"0\",\"source\":\"https:\\\/\\\/www.artexim.ro\\\/wp-content\\\/uploads\\\/2024\\\/09\\\/cartolina-ARTEXIM_compressed.pdf\",\"wpOptions\":\"true\"}; if(window.DFLIP && window.DFLIP.parseBooks){window.DFLIP.parseBooks();}<\/script>\n\n\n\n<p>La Roumanie continue d\u2019affirmer son engagement envers la Francophonie en promouvant ses valeurs et principes \u00e0 la fois au niveau r\u00e9gional et international. Cette priorit\u00e9 se concr\u00e9tise non seulement par un soutien financier et la mise en \u0153uvre de programmes uniques, mais aussi par une expansion sans pr\u00e9c\u00e9dent dans le domaine de la Francophonie scientifique et acad\u00e9mique.<\/p>\n\n\n\n<p>Du 2 au 6 octobre 2024, le Minist\u00e8re de l\u2019Europe et des Affaires \u00c9trang\u00e8res de la France organisera le Village de la Francophonie, un espace d\u00e9di\u00e9 aux \u00e9changes interculturels et \u00e0 la c\u00e9l\u00e9bration de la diversit\u00e9 culturelle, l\u2019une des plus grandes richesses de la Francophonie. Cet \u00e9v\u00e9nement offrira aux pays participants l\u2019opportunit\u00e9 de pr\u00e9senter leurs cultures, patrimoines et soci\u00e9t\u00e9s \u00e0 un public diversifi\u00e9, avec un accent particulier sur les moins de 40 ans, sous le slogan \u00ab La Roumanie, j\u2019en ai envie ! \u00bb.<\/p>\n\n\n\n<p>Ce slogan refl\u00e8te le d\u00e9sir d\u2019explorer et de valoriser le potentiel de la Roumanie, \u00e9voquant attraction et curiosit\u00e9 pour ce que le pays a \u00e0 offrir. En m\u00eame temps, le th\u00e8me du Festival de la Francophonie, \u00ab Refaire le monde \u00bb, sugg\u00e8re une aspiration globale \u00e0 la reconstruction et \u00e0 l\u2019am\u00e9lioration, en harmonie avec le message de transformation promu par la Roumanie.<\/p>\n\n\n\n<p>Au Village de la Francophonie, la Roumanie mettra en avant ses grands festivals internationaux de musique, des arts du spectacle et de la cin\u00e9matographie, tels que le Festival International George Enescu, le Festival International de Th\u00e9\u00e2tre de Sibiu, le Festival National de Th\u00e9\u00e2tre, le Festival International de Film de Transylvanie et le Festival International de Th\u00e9\u00e2tre de Craiova. Ces \u00e9v\u00e9nements seront pr\u00e9sent\u00e9s aux c\u00f4t\u00e9s des initiatives soutenues par le Minist\u00e8re de la Culture, y compris le Classix Festival, le Euphonia Festival, l\u2019IconArts Festival and Academy, le Festival de Film Anonimul, le The Jazz Cave Festival, le CellEAST Festival, et bien d\u2019autres.<\/p>\n\n\n\n<p>Sous le th\u00e8me \u00ab La Roumanie, j\u2019en ai envie ! \u00bb, la Roumanie vise \u00e0 d\u00e9montrer comment la coop\u00e9ration entre artistes, institutions culturelles, \u00e9ducatives et autorit\u00e9s des pays francophones peut transformer l\u2019art et la culture en outils essentiels pour enrichir et diversifier le monde. Les festivals et \u00e9v\u00e9nements pr\u00e9sent\u00e9s mettront en lumi\u00e8re la solidarit\u00e9 francophone et sa contribution \u00e0 la cr\u00e9ation d\u2019une culture vibrante et diversifi\u00e9e.<\/p>\n\n\n\n<p><strong>Le Festival International George Enescu<\/strong> rassemblera des artistes du monde entier \u00e0 Bucarest, soulignant la musique classique comme un langage universel de r\u00e9conciliation. Dans un contexte mondial tendu, le Festival Enescu promeut la paix et la compr\u00e9hension \u00e0 travers les harmonies musicales. De plus, les festivals de musique, des arts du spectacle, de la cin\u00e9matographie et des cultures traditionnelles de Roumanie offriront de nouvelles perspectives et histoires refl\u00e9tant la complexit\u00e9 de l\u2019exp\u00e9rience humaine, encourageant le dialogue interculturel et l\u2019innovation artistique.<\/p>\n\n\n\n<p>Le programme culturel pr\u00e9sent\u00e9 par ARTEXIM au Village de la Francophonie comprend plusieurs \u00e9v\u00e9nements notables, tels que :<\/p>\n\n\n\n<ul class=\"wp-block-list\">\n<li><strong>3 octobre 2024<\/strong> : Le projet \u00ab Consultations po\u00e9tiques \u00bb du Th\u00e9\u00e2tre de la Ville-Paris, en collaboration avec le Th\u00e9\u00e2tre National Radu Stanca de Sibiu, offrant des consultations po\u00e9tiques avec les participants.<\/li>\n\n\n\n<li><strong>5 octobre 2024, \u00e0 11h30<\/strong> : Un concert de l\u2019Orchestre de Chambre Radio, dirig\u00e9 par le violoniste Valentin \u015eerban, interpr\u00e9tant des \u0153uvres de Enescu, Silvestri, Mendelssohn, Saint-Sa\u00ebns et Bart\u00f3k. Le concert se d\u00e9roulera dans la Salle 200 et comprendra une pr\u00e9sentation des \u0153uvres de Enescu et de leur influence sur la musique classique.<\/li>\n\n\n\n<li><strong>5 octobre 2024, \u00e0 14h00<\/strong> : Un panel de discussion sur le Festival International George Enescu et la coop\u00e9ration culturelle franco-romaine, abordant le r\u00f4le du th\u00e9\u00e2tre comme vecteur de l\u2019identit\u00e9 francophone et les perspectives internationales sur cette collaboration.<\/li>\n<\/ul>\n\n\n\n<p>Le Village de la Francophonie se d\u00e9roulera \u00e0 Le CENTQUATRE-PARIS, un espace architectural exceptionnel d\u00e9di\u00e9 \u00e0 l\u2019innovation et \u00e0 la cr\u00e9ativit\u00e9, qui accueillera une vari\u00e9t\u00e9 d\u2019\u00e9v\u00e9nements culturels et artistiques. Ce lieu embl\u00e9matique, d\u2019une superficie de 2000 m\u00e8tres carr\u00e9s, offrira le cadre id\u00e9al pour promouvoir le th\u00e8me du Sommet de la Francophonie : \u00ab Cr\u00e9er, Innover, Entreprendre en langue fran\u00e7aise \u00bb.<\/p>\n\n\n\n<p>La participation de la Roumanie \u00e0 cet \u00e9v\u00e9nement souligne l\u2019engagement du pays \u00e0 utiliser la culture et l\u2019art comme des outils pour transformer et enrichir le monde, tout en promouvant la coop\u00e9ration et la diversit\u00e9 au sein de l\u2019espace francophone.<\/p>\n\n\n\n<p>Media:<\/p>\n\n\n\n<div class=\"wp-block-columns are-vertically-aligned-top is-layout-flex wp-container-core-columns-is-layout-28f84493 wp-block-columns-is-layout-flex\">\n<div class=\"wp-block-column is-vertically-aligned-top is-layout-flow wp-block-column-is-layout-flow\">\n<div class=\"wp-block-group is-vertical is-content-justification-center is-layout-flex wp-container-core-group-is-layout-ce155fab wp-block-group-is-layout-flex\">\n<figure class=\"wp-block-image size-large has-custom-border is-style-default\"><a href=\"https:\/\/drive.google.com\/file\/d\/1uls9DKmw7CY1Krc5EEmkivRxoRjDlhX6\/view\"><img loading=\"lazy\" decoding=\"async\" width=\"1030\" height=\"1030\" src=\"https:\/\/www.artexim.ro\/wp-content\/uploads\/2024\/09\/WhatsApp-Image-2024-09-19-at-12.59.15_4a931458-1030x1030.jpg\" alt=\"\" class=\"has-border-color has-accent-5-border-color wp-image-3882\" style=\"border-width:10px\" srcset=\"https:\/\/www.artexim.ro\/wp-content\/uploads\/2024\/09\/WhatsApp-Image-2024-09-19-at-12.59.15_4a931458-1030x1030.jpg 1030w, https:\/\/www.artexim.ro\/wp-content\/uploads\/2024\/09\/WhatsApp-Image-2024-09-19-at-12.59.15_4a931458-1100x1100.jpg 1100w, https:\/\/www.artexim.ro\/wp-content\/uploads\/2024\/09\/WhatsApp-Image-2024-09-19-at-12.59.15_4a931458-80x80.jpg 80w, https:\/\/www.artexim.ro\/wp-content\/uploads\/2024\/09\/WhatsApp-Image-2024-09-19-at-12.59.15_4a931458-768x768.jpg 768w, https:\/\/www.artexim.ro\/wp-content\/uploads\/2024\/09\/WhatsApp-Image-2024-09-19-at-12.59.15_4a931458-1536x1536.jpg 1536w, https:\/\/www.artexim.ro\/wp-content\/uploads\/2024\/09\/WhatsApp-Image-2024-09-19-at-12.59.15_4a931458-200x200.jpg 200w, https:\/\/www.artexim.ro\/wp-content\/uploads\/2024\/09\/WhatsApp-Image-2024-09-19-at-12.59.15_4a931458.jpg 1600w\" sizes=\"auto, (max-width: 1030px) 100vw, 1030px\" \/><\/a><\/figure>\n\n\n\n<div class=\"wp-block-buttons is-content-justification-center is-layout-flex wp-container-core-buttons-is-layout-a89b3969 wp-block-buttons-is-layout-flex\">\n<div class=\"wp-block-button\"><a class=\"wp-block-button__link has-text-align-center wp-element-button\" href=\"https:\/\/drive.google.com\/file\/d\/1uls9DKmw7CY1Krc5EEmkivRxoRjDlhX6\/view\"><strong>T\u00e9l\u00e9charger le catalogue en fran\u00e7ais<\/strong><\/a><\/div>\n<\/div>\n<\/div>\n<\/div>\n<\/div>\n\n\n\n<hr class=\"wp-block-separator has-alpha-channel-opacity is-style-dots\"\/>\n\n\n\n<p class=\"has-text-align-center\"><a href=\"https:\/\/francophonie2024.gouv.fr\/\" data-type=\"link\" data-id=\"https:\/\/francophonie2024.gouv.fr\/\">Mai multe informa\u021bii despre Summitul Francofoniei de la&nbsp;Paris sunt disponibile aici.<\/a><\/p>\n","protected":false},"excerpt":{"rendered":"<p>La Roumanie continue d\u2019affirmer son engagement envers la Francophonie en promouvant ses valeurs et principes \u00e0 la fois au niveau r\u00e9gional et international. Cette priorit\u00e9 se concr\u00e9tise non seulement par un soutien financier et la mise en \u0153uvre de programmes uniques, mais aussi par une expansion sans pr\u00e9c\u00e9dent dans le domaine de la Francophonie scientifique [&hellip;]<\/p>\n","protected":false},"author":11,"featured_media":4210,"parent":0,"menu_order":0,"comment_status":"closed","ping_status":"closed","template":"","meta":{"footnotes":""},"class_list":["post-4208","page","type-page","status-publish","has-post-thumbnail","hentry"],"_links":{"self":[{"href":"https:\/\/www.artexim.ro\/fr\/wp-json\/wp\/v2\/pages\/4208","targetHints":{"allow":["GET"]}}],"collection":[{"href":"https:\/\/www.artexim.ro\/fr\/wp-json\/wp\/v2\/pages"}],"about":[{"href":"https:\/\/www.artexim.ro\/fr\/wp-json\/wp\/v2\/types\/page"}],"author":[{"embeddable":true,"href":"https:\/\/www.artexim.ro\/fr\/wp-json\/wp\/v2\/users\/11"}],"replies":[{"embeddable":true,"href":"https:\/\/www.artexim.ro\/fr\/wp-json\/wp\/v2\/comments?post=4208"}],"version-history":[{"count":3,"href":"https:\/\/www.artexim.ro\/fr\/wp-json\/wp\/v2\/pages\/4208\/revisions"}],"predecessor-version":[{"id":4591,"href":"https:\/\/www.artexim.ro\/fr\/wp-json\/wp\/v2\/pages\/4208\/revisions\/4591"}],"wp:featuredmedia":[{"embeddable":true,"href":"https:\/\/www.artexim.ro\/fr\/wp-json\/wp\/v2\/media\/4210"}],"wp:attachment":[{"href":"https:\/\/www.artexim.ro\/fr\/wp-json\/wp\/v2\/media?parent=4208"}],"curies":[{"name":"wp","href":"https:\/\/api.w.org\/{rel}","templated":true}]}}